{"id":369,"date":"2015-05-19T11:21:55","date_gmt":"2015-05-19T11:21:55","guid":{"rendered":"http:\/\/rangarvellir.ru.is\/?page_id=369"},"modified":"2015-05-19T14:24:45","modified_gmt":"2015-05-19T14:24:45","slug":"maximum-annual-floods-of-eystri-ranga-catchment","status":"publish","type":"page","link":"https:\/\/rangarvellir.ru.is\/?page_id=369","title":{"rendered":"Maximum annual floods of Eystri-Rang\u00e1 catchment"},"content":{"rendered":"<p><span style=\"text-decoration: underline;\"><strong>Fl\u00f3\u00f0 Eystri-Rang\u00e1r:<\/strong><\/span><br \/>\nEystri-Rang\u00e1 er lind\u00e1 en h\u00fan hefur einnig drag\u00e1r- og j\u00f6kul\u00fe\u00e1tt. J\u00f6kul\u00fe\u00e1ttinn s\u00e6kir h\u00fan til Tindfjallaj\u00f6kuls. J\u00f6kull \u00feekur um 3% af vatnasvi\u00f0i \u00e1rinnar. Hennar mestu fl\u00f3\u00f0 eru vetrarfl\u00f3\u00f0 (n\u00f3vember-febr\u00faar) eins og algengt er \u00ed \u00e1m \u00e1 su\u00f0urlandi. \u00deetta eru regn og leysingafl\u00f3\u00f0 \u00e1 fre\u00f0inni j\u00f6r\u00f0. H\u00e6sta rennslism\u00e6ling var ger\u00f0 17. september 2008 og m\u00e6ldist rennsli\u00f0 50,6 m\u00b3\/s vi\u00f0 vatnsh\u00e6\u00f0 153,5 cm.<\/p>\n<p><img decoding=\"async\" class=\"aligncenter\" alt=\"\" src=\"https:\/\/rangarvellir.ru.is\/wp-content\/uploads\/data\/Meteorological_Office\/Statistical_Analysis\/Eystri-Max-Annual-Flood.svg\" width=\"75%\" height=\"75%\" \/><\/p>\n<p><img decoding=\"async\" class=\"aligncenter\" alt=\"\" src=\"https:\/\/rangarvellir.ru.is\/wp-content\/uploads\/data\/Meteorological_Office\/Statistical_Analysis\/Eystri-Stat-Description.svg\" width=\"75%\" height=\"75%\" \/><\/p>\n<p>[table width=&#8221;100%&#8221; colwidth=&#8221;30%|70%&#8221;]<br \/>\n<strong>METADATA LANGUAGE<\/strong>, English\/Icelandic<br \/>\n<strong>DATA MAKER<\/strong>, Icelandic Meteorological Office ~~ <a title=\"http:\/\/en.vedur.is\" href=\"http:\/\/en.vedur.is\">http:\/\/en.vedur.is<\/a><br \/>\n<strong>DOCUMENT<\/strong> <strong>TITLE<\/strong>, Fl\u00f3\u00f0 \u00edslenskra vatnsfalla \u2013 fl\u00f3\u00f0agreining rennslisra\u00f0a<br \/>\n<strong>DATE<\/strong>, 2009<br \/>\n<strong>CONTACTS<\/strong>, Hilmar Bj\u00f6rn Hr\u00f3\u00f0marsson (Icelandic Meteorological Office) ~~ hbh@vedur.is ~~ ~~<br \/>\nNj\u00e1ll Fannar Reynisson\u00a0(Icelandic Meteorological Office) ~~ njallfr@vedur.is ~~ ~~<br \/>\n\u00d3lafur Freyr G\u00edslason (Icelandic Meteorological Office) ~~ olafurg@vedur.is<br \/>\n<strong>SOURCE<\/strong>, <a href=\"https:\/\/gegnir.is\/F\/M4GXLBPBU81TG9X3F9CHBRYRHSNDQ7SR2462AC4FB5DCQ6R9KX-08497?func=full-set-set&amp;set_number=034744&amp;set_entry=000002&amp;format=999\">http:\/\/gegnir.is<\/a> ~~<br \/>\n<a title=\"www.vedur.is\" href=\"http:\/\/www.vedur.is\/media\/vedurstofan\/utgafa\/skyrslur\/2009\/VI_2009_001_tt.pdf\">www.vedur.is<\/a><br \/>\n<strong>DOWNLOAD<\/strong>, <a href=\"https:\/\/rangarvellir.ru.is\/wp-content\/uploads\/data\/Meteorological_Office\/Statistical_Analysis\/VI_2009_001_tt.pdf\">VI_2009_001_tt.pdf<\/a><br \/>\n[\/table]<\/p>\n","protected":false},"excerpt":{"rendered":"<p>Fl\u00f3\u00f0 Eystri-Rang\u00e1r: Eystri-Rang\u00e1 er lind\u00e1 en h\u00fan hefur einnig drag\u00e1r- og j\u00f6kul\u00fe\u00e1tt. J\u00f6kul\u00fe\u00e1ttinn s\u00e6kir h\u00fan til Tindfjallaj\u00f6kuls. J\u00f6kull \u00feekur um 3% af vatnasvi\u00f0i \u00e1rinnar. Hennar mestu fl\u00f3\u00f0 eru vetrarfl\u00f3\u00f0 (n\u00f3vember-febr\u00faar) eins og algengt er \u00ed \u00e1m \u00e1 su\u00f0urlandi. \u00deetta eru regn og leysingafl\u00f3\u00f0 \u00e1 fre\u00f0inni j\u00f6r\u00f0. H\u00e6sta rennslism\u00e6ling var ger\u00f0 17. september 2008 og m\u00e6ldist [&hellip;]<\/p>\n","protected":false},"author":1,"featured_media":0,"parent":0,"menu_order":0,"comment_status":"closed","ping_status":"open","template":"page-templates\/full-width.php","meta":{"footnotes":""},"class_list":["post-369","page","type-page","status-publish","hentry"],"_links":{"self":[{"href":"https:\/\/rangarvellir.ru.is\/index.php?rest_route=\/wp\/v2\/pages\/369"}],"collection":[{"href":"https:\/\/rangarvellir.ru.is\/index.php?rest_route=\/wp\/v2\/pages"}],"about":[{"href":"https:\/\/rangarvellir.ru.is\/index.php?rest_route=\/wp\/v2\/types\/page"}],"author":[{"embeddable":true,"href":"https:\/\/rangarvellir.ru.is\/index.php?rest_route=\/wp\/v2\/users\/1"}],"replies":[{"embeddable":true,"href":"https:\/\/rangarvellir.ru.is\/index.php?rest_route=%2Fwp%2Fv2%2Fcomments&post=369"}],"version-history":[{"count":25,"href":"https:\/\/rangarvellir.ru.is\/index.php?rest_route=\/wp\/v2\/pages\/369\/revisions"}],"predecessor-version":[{"id":403,"href":"https:\/\/rangarvellir.ru.is\/index.php?rest_route=\/wp\/v2\/pages\/369\/revisions\/403"}],"wp:attachment":[{"href":"https:\/\/rangarvellir.ru.is\/index.php?rest_route=%2Fwp%2Fv2%2Fmedia&parent=369"}],"curies":[{"name":"wp","href":"https:\/\/api.w.org\/{rel}","templated":true}]}}